{"id":43833,"date":"2026-04-28T13:46:33","date_gmt":"2026-04-28T11:46:33","guid":{"rendered":"https:\/\/www.ansoain.es\/?post_type=eventos&#038;p=43833"},"modified":"2026-04-28T13:47:40","modified_gmt":"2026-04-28T11:47:40","slug":"liburu-aurkezpena-memoria-de-las-mujeres","status":"publish","type":"eventos","link":"http:\/\/www.ansoain.es\/eu\/eventos\/liburu-aurkezpena-memoria-de-las-mujeres\/","title":{"rendered":"Liburu aurkezpena: &#8220;Memoria de las mujeres&#8221;"},"content":{"rendered":"<p><em><strong>Memoriaren Astea<\/strong><\/em><\/p>\n<p>Txinparta elkartea<\/p>\n<p>Sol G\u00f3mez Arteaga<\/p>\n<p style=\"font-weight: 400;\">Memoria de las Mujeres aldizkariak Nueva Revoluci\u00f3n egunkari digitalean \u2014 2021eko urriaren eta 2024ko irailaren artean \u2014 argitaratutako hogeita bost emakumeren testigantzak biltzen ditu. Liburuaren bidez, analisiaren eta hausnarketaren bidez, gure iragan hurbileneko gertakari batzuk transmititu nahi dira, elkarrizketatutako emakumeek oso ondo ezagutzen dituztenak biktimen senitartekoak direlako edo haietako askok garatzen dituzten ezagutza zientifikoengatik eta jarduera profesionalagatik.<\/p>\n<p style=\"font-weight: 400;\">Egilearen presentziarekin eta musika-akonpainamenduarekin<\/p>\n","protected":false},"featured_media":43832,"template":"","meta":{"_edit_last":["2"],"barra":[""],"dias":[";23-5-2026;"],"event_date":["1779494400"],"event_date1":["1779494400"],"event_horario_fin":[""],"event_horario_inicio":[""],"imagenslia":[""],"importe":[""],"autor_o":[""],"boton1":[""],"boton1u":[""],"event_ext":[""],"fechas":[""],"inscripcion":[""],"nota":[""],"ponente":[""],"botonve":[""],"botonveu":[""],"_last_translation_edit_mode":["native-editor"],"_edit_lock":["1777376735:2"],"_wpml_word_count":["115"],"_exactmetrics_sitenote_active":["0"],"mostrar_barra":["1"],"event_horario":["19:00"],"event_location":["Ostoki"],"_wpml_media_duplicate":["1"],"_wpml_media_featured":["1"],"_thumbnail_id":["43832"],"_yoast_wpseo_primary_categoriaeventos":[""],"_yoast_wpseo_content_score":["90"],"_yoast_wpseo_estimated-reading-time-minutes":["1"]},"class_list":["post-43833","eventos","type-eventos","status-publish","has-post-thumbnail","hentry"],"yoast_head":"<!-- This site is optimized with the Yoast SEO plugin v24.9 - https:\/\/yoast.com\/wordpress\/plugins\/seo\/ -->\r\n<title>Liburu aurkezpena: &quot;Memoria de las mujeres&quot; - Antsoaingo Udala \/ Ayuntamiento de Anso\u00e1in<\/title>\r\n<meta name=\"robots\" content=\"index, follow, max-snippet:-1, max-image-preview:large, max-video-preview:-1\" \/>\r\n<link rel=\"canonical\" href=\"https:\/\/www.ansoain.es\/eu\/eventos\/liburu-aurkezpena-memoria-de-las-mujeres\/\" \/>\r\n<meta property=\"og:locale\" content=\"eu_ES\" \/>\r\n<meta property=\"og:type\" content=\"article\" \/>\r\n<meta property=\"og:title\" content=\"Liburu aurkezpena: &quot;Memoria de las mujeres&quot; - Antsoaingo Udala \/ Ayuntamiento de Anso\u00e1in\" \/>\r\n<meta property=\"og:description\" content=\"Memoriaren Astea Txinparta elkartea Sol G\u00f3mez Arteaga Memoria de las Mujeres aldizkariak Nueva Revoluci\u00f3n egunkari digitalean \u2014 2021eko urriaren eta 2024ko irailaren artean \u2014 argitaratutako hogeita bost emakumeren testigantzak biltzen ditu. Liburuaren bidez, analisiaren eta hausnarketaren bidez, gure iragan hurbileneko gertakari batzuk transmititu nahi dira, elkarrizketatutako emakumeek oso ondo ezagutzen dituztenak biktimen senitartekoak direlako edo [&hellip;]\" \/>\r\n<meta property=\"og:url\" content=\"https:\/\/www.ansoain.es\/eu\/eventos\/liburu-aurkezpena-memoria-de-las-mujeres\/\" \/>\r\n<meta property=\"og:site_name\" content=\"Antsoaingo Udala \/ Ayuntamiento de Anso\u00e1in\" \/>\r\n<meta property=\"article:modified_time\" content=\"2026-04-28T11:47:40+00:00\" \/>\r\n<meta property=\"og:image\" content=\"https:\/\/www.ansoain.es\/wp-content\/uploads\/2026\/04\/8.-Memoria-de-las-mujeres-cartel-e1777376780835.jpg\" \/>\r\n\t<meta property=\"og:image:width\" content=\"1644\" \/>\r\n\t<meta property=\"og:image:height\" content=\"2393\" \/>\r\n\t<meta property=\"og:image:type\" content=\"image\/jpeg\" \/>\r\n<meta name=\"twitter:card\" content=\"summary_large_image\" \/>\r\n<meta name=\"twitter:label1\" content=\"Est. reading time\" \/>\n\t<meta name=\"twitter:data1\" content=\"1 minute\" \/>\r\n<script type=\"application\/ld+json\" class=\"yoast-schema-graph\">{\"@context\":\"https:\/\/schema.org\",\"@graph\":[{\"@type\":\"WebPage\",\"@id\":\"https:\/\/www.ansoain.es\/eu\/eventos\/liburu-aurkezpena-memoria-de-las-mujeres\/\",\"url\":\"https:\/\/www.ansoain.es\/eu\/eventos\/liburu-aurkezpena-memoria-de-las-mujeres\/\",\"name\":\"Liburu aurkezpena: \\\"Memoria de las mujeres\\\" - Antsoaingo Udala \/ Ayuntamiento de Anso\u00e1in\",\"isPartOf\":{\"@id\":\"http:\/\/www.ansoain.es\/eu\/#website\"},\"primaryImageOfPage\":{\"@id\":\"https:\/\/www.ansoain.es\/eu\/eventos\/liburu-aurkezpena-memoria-de-las-mujeres\/#primaryimage\"},\"image\":{\"@id\":\"https:\/\/www.ansoain.es\/eu\/eventos\/liburu-aurkezpena-memoria-de-las-mujeres\/#primaryimage\"},\"thumbnailUrl\":\"http:\/\/www.ansoain.es\/wp-content\/uploads\/2026\/04\/8.-Memoria-de-las-mujeres-cartel-e1777376780835.jpg\",\"datePublished\":\"2026-04-28T11:46:33+00:00\",\"dateModified\":\"2026-04-28T11:47:40+00:00\",\"breadcrumb\":{\"@id\":\"https:\/\/www.ansoain.es\/eu\/eventos\/liburu-aurkezpena-memoria-de-las-mujeres\/#breadcrumb\"},\"inLanguage\":\"eu-ES\",\"potentialAction\":[{\"@type\":\"ReadAction\",\"target\":[\"https:\/\/www.ansoain.es\/eu\/eventos\/liburu-aurkezpena-memoria-de-las-mujeres\/\"]}]},{\"@type\":\"ImageObject\",\"inLanguage\":\"eu-ES\",\"@id\":\"https:\/\/www.ansoain.es\/eu\/eventos\/liburu-aurkezpena-memoria-de-las-mujeres\/#primaryimage\",\"url\":\"http:\/\/www.ansoain.es\/wp-content\/uploads\/2026\/04\/8.-Memoria-de-las-mujeres-cartel-e1777376780835.jpg\",\"contentUrl\":\"http:\/\/www.ansoain.es\/wp-content\/uploads\/2026\/04\/8.-Memoria-de-las-mujeres-cartel-e1777376780835.jpg\",\"width\":1644,\"height\":2393},{\"@type\":\"BreadcrumbList\",\"@id\":\"https:\/\/www.ansoain.es\/eu\/eventos\/liburu-aurkezpena-memoria-de-las-mujeres\/#breadcrumb\",\"itemListElement\":[{\"@type\":\"ListItem\",\"position\":1,\"name\":\"Portada\",\"item\":\"http:\/\/www.ansoain.es\/eu\/\"},{\"@type\":\"ListItem\",\"position\":2,\"name\":\"Eventos\",\"item\":\"https:\/\/www.ansoain.es\/eventos\/\"},{\"@type\":\"ListItem\",\"position\":3,\"name\":\"Liburu aurkezpena: &#8220;Memoria de las mujeres&#8221;\"}]},{\"@type\":\"WebSite\",\"@id\":\"http:\/\/www.ansoain.es\/eu\/#website\",\"url\":\"http:\/\/www.ansoain.es\/eu\/\",\"name\":\"Antsoaingo Udala \/ Ayuntamiento de Anso\u00e1in\",\"description\":\"Sitio web del Antsoaingo Udala \/ Ayuntamiento de Anso\u00e1in\",\"potentialAction\":[{\"@type\":\"SearchAction\",\"target\":{\"@type\":\"EntryPoint\",\"urlTemplate\":\"http:\/\/www.ansoain.es\/eu\/?s={search_term_string}\"},\"query-input\":{\"@type\":\"PropertyValueSpecification\",\"valueRequired\":true,\"valueName\":\"search_term_string\"}}],\"inLanguage\":\"eu-ES\"}]}<\/script>\r\n<!-- \/ Yoast SEO plugin. -->","yoast_head_json":{"title":"Liburu aurkezpena: \"Memoria de las mujeres\" - Antsoaingo Udala \/ Ayuntamiento de Anso\u00e1in","robots":{"index":"index","follow":"follow","max-snippet":"max-snippet:-1","max-image-preview":"max-image-preview:large","max-video-preview":"max-video-preview:-1"},"canonical":"https:\/\/www.ansoain.es\/eu\/eventos\/liburu-aurkezpena-memoria-de-las-mujeres\/","og_locale":"eu_ES","og_type":"article","og_title":"Liburu aurkezpena: \"Memoria de las mujeres\" - Antsoaingo Udala \/ Ayuntamiento de Anso\u00e1in","og_description":"Memoriaren Astea Txinparta elkartea Sol G\u00f3mez Arteaga Memoria de las Mujeres aldizkariak Nueva Revoluci\u00f3n egunkari digitalean \u2014 2021eko urriaren eta 2024ko irailaren artean \u2014 argitaratutako hogeita bost emakumeren testigantzak biltzen ditu. Liburuaren bidez, analisiaren eta hausnarketaren bidez, gure iragan hurbileneko gertakari batzuk transmititu nahi dira, elkarrizketatutako emakumeek oso ondo ezagutzen dituztenak biktimen senitartekoak direlako edo [&hellip;]","og_url":"https:\/\/www.ansoain.es\/eu\/eventos\/liburu-aurkezpena-memoria-de-las-mujeres\/","og_site_name":"Antsoaingo Udala \/ Ayuntamiento de Anso\u00e1in","article_modified_time":"2026-04-28T11:47:40+00:00","og_image":[{"width":1644,"height":2393,"url":"https:\/\/www.ansoain.es\/wp-content\/uploads\/2026\/04\/8.-Memoria-de-las-mujeres-cartel-e1777376780835.jpg","type":"image\/jpeg"}],"twitter_card":"summary_large_image","twitter_misc":{"Est. reading time":"1 minute"},"schema":{"@context":"https:\/\/schema.org","@graph":[{"@type":"WebPage","@id":"https:\/\/www.ansoain.es\/eu\/eventos\/liburu-aurkezpena-memoria-de-las-mujeres\/","url":"https:\/\/www.ansoain.es\/eu\/eventos\/liburu-aurkezpena-memoria-de-las-mujeres\/","name":"Liburu aurkezpena: \"Memoria de las mujeres\" - Antsoaingo Udala \/ Ayuntamiento de Anso\u00e1in","isPartOf":{"@id":"http:\/\/www.ansoain.es\/eu\/#website"},"primaryImageOfPage":{"@id":"https:\/\/www.ansoain.es\/eu\/eventos\/liburu-aurkezpena-memoria-de-las-mujeres\/#primaryimage"},"image":{"@id":"https:\/\/www.ansoain.es\/eu\/eventos\/liburu-aurkezpena-memoria-de-las-mujeres\/#primaryimage"},"thumbnailUrl":"http:\/\/www.ansoain.es\/wp-content\/uploads\/2026\/04\/8.-Memoria-de-las-mujeres-cartel-e1777376780835.jpg","datePublished":"2026-04-28T11:46:33+00:00","dateModified":"2026-04-28T11:47:40+00:00","breadcrumb":{"@id":"https:\/\/www.ansoain.es\/eu\/eventos\/liburu-aurkezpena-memoria-de-las-mujeres\/#breadcrumb"},"inLanguage":"eu-ES","potentialAction":[{"@type":"ReadAction","target":["https:\/\/www.ansoain.es\/eu\/eventos\/liburu-aurkezpena-memoria-de-las-mujeres\/"]}]},{"@type":"ImageObject","inLanguage":"eu-ES","@id":"https:\/\/www.ansoain.es\/eu\/eventos\/liburu-aurkezpena-memoria-de-las-mujeres\/#primaryimage","url":"http:\/\/www.ansoain.es\/wp-content\/uploads\/2026\/04\/8.-Memoria-de-las-mujeres-cartel-e1777376780835.jpg","contentUrl":"http:\/\/www.ansoain.es\/wp-content\/uploads\/2026\/04\/8.-Memoria-de-las-mujeres-cartel-e1777376780835.jpg","width":1644,"height":2393},{"@type":"BreadcrumbList","@id":"https:\/\/www.ansoain.es\/eu\/eventos\/liburu-aurkezpena-memoria-de-las-mujeres\/#breadcrumb","itemListElement":[{"@type":"ListItem","position":1,"name":"Portada","item":"http:\/\/www.ansoain.es\/eu\/"},{"@type":"ListItem","position":2,"name":"Eventos","item":"https:\/\/www.ansoain.es\/eventos\/"},{"@type":"ListItem","position":3,"name":"Liburu aurkezpena: &#8220;Memoria de las mujeres&#8221;"}]},{"@type":"WebSite","@id":"http:\/\/www.ansoain.es\/eu\/#website","url":"http:\/\/www.ansoain.es\/eu\/","name":"Antsoaingo Udala \/ Ayuntamiento de Anso\u00e1in","description":"Sitio web del Antsoaingo Udala \/ Ayuntamiento de Anso\u00e1in","potentialAction":[{"@type":"SearchAction","target":{"@type":"EntryPoint","urlTemplate":"http:\/\/www.ansoain.es\/eu\/?s={search_term_string}"},"query-input":{"@type":"PropertyValueSpecification","valueRequired":true,"valueName":"search_term_string"}}],"inLanguage":"eu-ES"}]}},"_links":{"self":[{"href":"http:\/\/www.ansoain.es\/eu\/wp-json\/wp\/v2\/eventos\/43833","targetHints":{"allow":["GET"]}}],"collection":[{"href":"http:\/\/www.ansoain.es\/eu\/wp-json\/wp\/v2\/eventos"}],"about":[{"href":"http:\/\/www.ansoain.es\/eu\/wp-json\/wp\/v2\/types\/eventos"}],"wp:featuredmedia":[{"embeddable":true,"href":"http:\/\/www.ansoain.es\/eu\/wp-json\/wp\/v2\/media\/43832"}],"wp:attachment":[{"href":"http:\/\/www.ansoain.es\/eu\/wp-json\/wp\/v2\/media?parent=43833"}],"curies":[{"name":"wp","href":"https:\/\/api.w.org\/{rel}","templated":true}]}}